{"id":560,"date":"2022-12-21T10:37:49","date_gmt":"2022-12-21T08:37:49","guid":{"rendered":"http:\/\/rgproject.org\/?page_id=560"},"modified":"2025-03-26T11:57:21","modified_gmt":"2025-03-26T09:57:21","slug":"sobre-nosaltres-2","status":"publish","type":"page","link":"https:\/\/rgproject.org\/ca\/sobre-nosaltres-2\/","title":{"rendered":"Sobre nosaltres"},"content":{"rendered":"<p>[et_pb_section fb_built=\u00bb1&#8243; next_background_color=\u00bb#ffffff\u00bb admin_label=\u00bbHeader\u00bb _builder_version=\u00bb4.27.4&#8243; _module_preset=\u00bbdefault\u00bb use_background_color_gradient=\u00bbon\u00bb background_color_gradient_stops=\u00bbrgba(43,135,218,0) 0%|rgba(255,255,255,0.78) 100%\u00bb background_color_gradient_overlays_image=\u00bbon\u00bb background_image=\u00bbhttp:\/\/rgproject.org\/wp-content\/uploads\/2025\/01\/IMG-20221207-WA0055.jpg\u00bb background_position=\u00bbbottom_left\u00bb background_horizontal_offset=\u00bb-12%\u00bb background_vertical_offset=\u00bb33%\u00bb min_height=\u00bb800px\u00bb min_height_tablet=\u00bb800px\u00bb min_height_phone=\u00bb800px\u00bb min_height_last_edited=\u00bbon|phone\u00bb custom_padding=\u00bb134px||0px|||\u00bb bottom_divider_style=\u00bbcurve2&#8243; locked=\u00bboff\u00bb collapsed=\u00bbon\u00bb global_colors_info=\u00bb{}\u00bb][et_pb_row column_structure=\u00bb1_4,3_4&#8243; _builder_version=\u00bb4.17.4&#8243; _module_preset=\u00bbdefault\u00bb global_colors_info=\u00bb{}\u00bb][et_pb_column type=\u00bb1_4&#8243; _builder_version=\u00bb4.27.4&#8243; _module_preset=\u00bbdefault\u00bb global_colors_info=\u00bb{}\u00bb][et_pb_video src_webm=\u00bbhttp:\/\/rgproject.org\/wp-content\/uploads\/2025\/02\/STORIES-2-1.mp4&#8243; play_icon_color=\u00bb#8300E9&#8243; _builder_version=\u00bb4.27.4&#8243; _module_preset=\u00bbdefault\u00bb min_height=\u00bb296.9px\u00bb box_shadow_style=\u00bbpreset4&#8243; box_shadow_color=\u00bb#C88BDA\u00bb global_colors_info=\u00bb{}\u00bb][\/et_pb_video][\/et_pb_column][et_pb_column type=\u00bb3_4&#8243; _builder_version=\u00bb4.17.4&#8243; _module_preset=\u00bbdefault\u00bb global_colors_info=\u00bb{}\u00bb][et_pb_text _builder_version=\u00bb4.27.4&#8243; _module_preset=\u00bbe6504a1b-67eb-4b3d-b023-bcab277610b6&#8243; header_4_font=\u00bb|||on|||||\u00bb header_4_text_align=\u00bbcenter\u00bb header_4_text_color=\u00bb#ff5f5f\u00bb header_4_font_size=\u00bb1rem\u00bb header_4_letter_spacing=\u00bb0.15em\u00bb header_4_line_height=\u00bb1.5em\u00bb custom_margin=\u00bb||0px||false|false\u00bb global_colors_info=\u00bb{}\u00bb]<\/p>\n<h4 style=\"text-align: left;\"><span style=\"color: #cc99ff;\">sobre nosaltres<\/span><\/h4>\n<p>[\/et_pb_text][et_pb_text _builder_version=\u00bb4.27.4&#8243; _module_preset=\u00bbc16985e1-e0d6-4022-964d-e2bfc04fa633&#8243; header_text_align=\u00bbcenter\u00bb header_text_color=\u00bb#000000&#8243; header_font_size=\u00bb3rem\u00bb header_2_font=\u00bb||||||||\u00bb header_2_text_color=\u00bb#000000&#8243; header_2_font_size=\u00bb55px\u00bb header_2_line_height=\u00bb1.2em\u00bb header_font_size_tablet=\u00bb3rem\u00bb header_font_size_phone=\u00bb3rem\u00bb header_font_size_last_edited=\u00bbon|phone\u00bb header_2_font_size_tablet=\u00bb32px\u00bb header_2_font_size_phone=\u00bb20px\u00bb header_2_font_size_last_edited=\u00bbon|desktop\u00bb global_colors_info=\u00bb{}\u00bb]<\/p>\n<h1 style=\"text-align: left;\">QUI SOM<\/h1>\n<p>[\/et_pb_text][et_pb_button button_url=\u00bb#quienes-somos\u00bb button_text=\u00bbM\u00e1s informaci\u00f3n\u00bb button_alignment=\u00bbleft\u00bb _builder_version=\u00bb4.27.4&#8243; _module_preset=\u00bb31b4f027-aaa0-4f2f-ae02-959764e19e4f\u00bb custom_button=\u00bbon\u00bb button_text_size=\u00bb1rem\u00bb button_text_color=\u00bb#C88BDA\u00bb button_bg_color=\u00bb#ffffff\u00bb button_border_color=\u00bb#000000&#8243; button_border_radius=\u00bb0px\u00bb button_font=\u00bb|700||on|||||\u00bb custom_padding=\u00bb16px|37px|16px|24px|true|false\u00bb hover_enabled=\u00bb0&#8243; locked=\u00bboff\u00bb global_colors_info=\u00bb{}\u00bb sticky_enabled=\u00bb0&#8243;][\/et_pb_button][\/et_pb_column][\/et_pb_row][\/et_pb_section][et_pb_section fb_built=\u00bb1&#8243; admin_label=\u00bbSobre nosotros\u00bb _builder_version=\u00bb4.17.4&#8243; _module_preset=\u00bbdefault\u00bb min_height=\u00bb777.4px\u00bb collapsed=\u00bbon\u00bb global_colors_info=\u00bb{}\u00bb][et_pb_row column_structure=\u00bb1_2,1_2&#8243; _builder_version=\u00bb4.17.4&#8243; _module_preset=\u00bbdefault\u00bb custom_margin=\u00bb|auto|-21px|auto||\u00bb global_colors_info=\u00bb{}\u00bb][et_pb_column type=\u00bb1_2&#8243; _builder_version=\u00bb4.17.4&#8243; _module_preset=\u00bbdefault\u00bb global_colors_info=\u00bb{}\u00bb][et_pb_image src=\u00bbhttp:\/\/rgproject.org\/wp-content\/uploads\/2025\/01\/IMG_4311-scaled.jpg\u00bb title_text=\u00bbIMG_4311&#8243; align=\u00bbcenter\u00bb _builder_version=\u00bb4.27.4&#8243; _module_preset=\u00bbdefault\u00bb max_width_tablet=\u00bb400px\u00bb max_width_phone=\u00bb400px\u00bb max_width_last_edited=\u00bbon|tablet\u00bb height=\u00bb639px\u00bb max_height=\u00bb776px\u00bb custom_padding=\u00bb||0px|||\u00bb box_shadow_style=\u00bbpreset4&#8243; box_shadow_color=\u00bb#C88BDA\u00bb global_colors_info=\u00bb{}\u00bb][\/et_pb_image][\/et_pb_column][et_pb_column type=\u00bb1_2&#8243; _builder_version=\u00bb4.17.4&#8243; _module_preset=\u00bbdefault\u00bb global_colors_info=\u00bb{}\u00bb][et_pb_text _builder_version=\u00bb4.27.4&#8243; _module_preset=\u00bbe6504a1b-67eb-4b3d-b023-bcab277610b6&#8243; header_4_font=\u00bb|||on|||||\u00bb header_4_text_color=\u00bb#ff5f5f\u00bb header_4_font_size=\u00bb1rem\u00bb header_4_letter_spacing=\u00bb0.15em\u00bb header_4_line_height=\u00bb1.5em\u00bb custom_margin=\u00bb||0px||false|false\u00bb hover_enabled=\u00bb0&#8243; global_colors_info=\u00bb{}\u00bb module_id=\u00bbquienes-somos\u00bb sticky_enabled=\u00bb0&#8243;]<\/p>\n<h4><span style=\"color: #c09bd3;\">QUI SOM?<\/span><\/h4>\n<p>[\/et_pb_text][et_pb_text module_class=&quot;partial-underline-grey&quot; _builder_version=&quot;4.19.4&quot; _module_preset=&quot;b327cbe4-b1d5-4b66-ad37-40c8f2f061ba&quot; header_2_font header_2_text_color=\u00bb#000000\u2033 header_2_font_size=\u00bb3rem\u00bb header_2_line_height=\u00bb1.2em\u00bb header_2_font_size_tablet=\u00bb3rem\u00bb header_2_font_size_phone=\u00bb3rem\u00bb header_2_font_size_last_edited=\u00bbon|phone\u00bb global_colors_info=\u00bb{}\u00bb]<\/p>\n<h2>SOBRE NOSALTRES<\/h2>\n<p>[\/et_pb_text][et_pb_text _builder_version=\u00bb4.27.4&#8243; _module_preset=\u00bb1f09816e-184e-4ce5-a4cf-b39c52c423ca\u00bb text_font=\u00bb|300|||||||\u00bb text_font_size=\u00bb1rem\u00bb text_line_height=\u00bb1.6em\u00bb position_origin_a=\u00bbbottom_left\u00bb vertical_offset=\u00bb-28px\u00bb width=\u00bb100%\u00bb text_font_size_tablet=\u00bb15px\u00bb text_font_size_phone=\u00bb14px\u00bb text_font_size_last_edited=\u00bbon|phone\u00bb global_colors_info=\u00bb{}\u00bb]<\/p>\n<p style=\"text-align: justify;\"><b>Red Girls Project<\/b><span style=\"font-weight: 400;\"> som una associaci\u00f3 sense \u00e0nim de lucre compromesa amb l&#039;apoderament de nenes, joves i dones mitjan\u00e7ant l&#039;educaci\u00f3.<\/span><\/p>\n<p style=\"text-align: justify;\"><span style=\"font-weight: 400;\">Creiem que el coneixement \u00e9s una eina poderosa per transformar vides i construir un futur m\u00e9s just. Treballem per trencar tab\u00fas i estigmes, promovent el respecte, la igualtat de g\u00e8nere i la sostenibilitat.<\/span><\/p>\n<p style=\"text-align: justify;\"><span style=\"font-weight: 400;\">Fundada a Catalunya i formada per un equip divers de m\u00e9s de 30 persones, la nostra associaci\u00f3 funciona de manera <\/span><b>assemblea<\/b><span style=\"font-weight: 400;\">, prenent decisions en equip i fomentant la participaci\u00f3 activa de tots els membres. Comptem amb col\u00b7laboradors\/es de diferents parts del m\u00f3n, incloent-hi <\/span><b>Catalunya, Espanya, Argentina, Dinamarca, Austr\u00e0lia i els Estats Units<\/b><span style=\"font-weight: 400;\">.<\/span><\/p>\n<p style=\"text-align: justify;\"><span style=\"font-size: 17px;\"> Per saber m\u00e9s sobre els nostres projectes <\/span><span style=\"color: #c09bd3;\"><a href=\"\/ca\/proyectos\/\" style=\"font-size: 17px; color: #c09bd3;\"><span data-token-index=\"1\" class=\"notion-enable-hover\" data-reactroot=\"\">clica aqu\u00ed<\/span><\/a><\/span><span style=\"font-size: 17px;\">!<\/span><\/p>\n<p>[\/et_pb_text][\/et_pb_column][\/et_pb_row][\/et_pb_section][et_pb_section fb_built=\u00bb1&#8243; admin_label=\u00bbPorque Nosotros\u00bb _builder_version=\u00bb4.17.4&#8243; _module_preset=\u00bbdefault\u00bb custom_padding=\u00bb0px||0px|||\u00bb locked=\u00bboff\u00bb collapsed=\u00bbon\u00bb global_colors_info=\u00bb{}\u00bb][et_pb_row _builder_version=\u00bb4.19.4&#8243; _module_preset=\u00bbdefault\u00bb global_colors_info=\u00bb{}\u00bb][et_pb_column type=\u00bb4_4&#8243; _builder_version=\u00bb4.19.4&#8243; _module_preset=\u00bbdefault\u00bb global_colors_info=\u00bb{}\u00bb][et_pb_text _builder_version=\u00bb4.19.4&#8243; _module_preset=\u00bbe6504a1b-67eb-4b3d-b023-bcab277610b6&#8243; header_4_font=\u00bb|||on|||||\u00bb header_4_text_color=\u00bb#ff5f5f\u00bb header_4_font_size=\u00bb14px\u00bb header_4_letter_spacing=\u00bb0.15em\u00bb header_4_line_height=\u00bb1.5em\u00bb custom_margin=\u00bb||0px||false|false\u00bb global_colors_info=\u00bb{}\u00bb]<\/p>\n<h4><span style=\"color: #c09bd3;\">ELECCI\u00d3<\/span><\/h4>\n<p>[\/et_pb_text][et_pb_text module_class=&quot;partial-underline-grey&quot; _builder_version=&quot;4.19.4&quot; _module_preset=&quot;b327cbe4-b1d5-4b66-ad37-40c8f2f061ba&quot; header_font|| |\u00bb header_2_text_color=&quot;#000000&quot; header_2_font_size=&quot;3rem&quot; header_2_line_height=&quot;1.2em&quot; header_2_font_size_tablet=&quot;3rem&quot; header_2_font_size_phone=&quot;3rem&quot; header_2_font_si ]<\/p>\n<h2>PER QU\u00c8 NOSALTRES?<\/h2>\n<p>[\/et_pb_text][\/et_pb_column][\/et_pb_row][et_pb_row column_structure=\u00bb1_2,1_2&#8243; _builder_version=\u00bb4.27.4&#8243; _module_preset=\u00bbdefault\u00bb global_colors_info=\u00bb{}\u00bb][et_pb_column type=\u00bb1_2&#8243; _builder_version=\u00bb4.27.4&#8243; _module_preset=\u00bbdefault\u00bb global_colors_info=\u00bb{}\u00bb][et_pb_image src=\u00bbhttp:\/\/rgproject.org\/wp-content\/uploads\/2025\/01\/porque-nosotros.-experiencia.png\u00bb title_text=\u00bbporque nosotros. experiencia\u00bb _builder_version=\u00bb4.27.4&#8243; _module_preset=\u00bbdefault\u00bb width=\u00bb50%\u00bb module_alignment=\u00bbcenter\u00bb global_colors_info=\u00bb{}\u00bb][\/et_pb_image][et_pb_image src=\u00bbhttp:\/\/rgproject.org\/wp-content\/uploads\/2025\/01\/porque-nosotros.-enfoque-integral.png\u00bb title_text=\u00bbporque nosotros. enfoque integral\u00bb _builder_version=\u00bb4.27.4&#8243; _module_preset=\u00bbdefault\u00bb width=\u00bb50%\u00bb module_alignment=\u00bbcenter\u00bb global_colors_info=\u00bb{}\u00bb][\/et_pb_image][et_pb_image src=\u00bbhttp:\/\/rgproject.org\/wp-content\/uploads\/2025\/01\/porque-nosotros.-diversidad-y-colaboracion.png\u00bb title_text=\u00bbporque nosotros. diversidad y colaboracion\u00bb _builder_version=\u00bb4.27.4&#8243; _module_preset=\u00bbdefault\u00bb width=\u00bb50%\u00bb module_alignment=\u00bbcenter\u00bb global_colors_info=\u00bb{}\u00bb][\/et_pb_image][et_pb_image src=\u00bbhttp:\/\/rgproject.org\/wp-content\/uploads\/2025\/01\/porque-nosotros.-impacto-real.png\u00bb title_text=\u00bbporque nosotros. impacto real\u00bb _builder_version=\u00bb4.27.4&#8243; _module_preset=\u00bbdefault\u00bb width=\u00bb50%\u00bb module_alignment=\u00bbcenter\u00bb global_colors_info=\u00bb{}\u00bb][\/et_pb_image][et_pb_image src=\u00bbhttp:\/\/rgproject.org\/wp-content\/uploads\/2025\/01\/porque-nosotros.-espacios-seguros.png\u00bb title_text=\u00bbporque nosotros. espacios seguros\u00bb _builder_version=\u00bb4.27.4&#8243; _module_preset=\u00bbdefault\u00bb width=\u00bb50%\u00bb module_alignment=\u00bbcenter\u00bb global_colors_info=\u00bb{}\u00bb][\/et_pb_image][\/et_pb_column][et_pb_column type=\u00bb1_2&#8243; _builder_version=\u00bb4.27.4&#8243; _module_preset=\u00bbdefault\u00bb global_colors_info=\u00bb{}\u00bb][et_pb_text _builder_version=\u00bb4.19.4&#8243; _module_preset=\u00bb1f09816e-184e-4ce5-a4cf-b39c52c423ca\u00bb text_font=\u00bb|300|||||||\u00bb text_font_size=\u00bb1rem\u00bb text_line_height=\u00bb1.6em\u00bb position_origin_a=\u00bbbottom_left\u00bb vertical_offset=\u00bb-28px\u00bb width=\u00bb100%\u00bb text_font_size_tablet=\u00bb15px\u00bb text_font_size_phone=\u00bb14px\u00bb text_font_size_last_edited=\u00bbon|phone\u00bb header_font_size_tablet=\u00bb55px\u00bb header_font_size_last_edited=\u00bboff|desktop\u00bb global_colors_info=\u00bb{}\u00bb]<\/p>\n<h3><b><\/b><\/h3>\n<h3><b><\/b><\/h3>\n<h3><b><\/b><\/h3>\n<h3><b><\/b><\/h3>\n<h3><b><\/b><\/h3>\n<h3><b><\/b><\/h3>\n<h3><b><\/b><\/h3>\n<h3><b>Experi\u00e8ncia i comprom\u00eds<\/b><\/h3>\n<p style=\"text-align: justify;\"><span style=\"font-weight: 400;\">Fa anys que ens dediquem a projectes que impacten positivament en les comunitats m\u00e9s vulnerables. El nostre equip multidisciplinari combina experi\u00e8ncia professional i passi\u00f3 pel canvi social.<\/span><\/p>\n<p>[\/et_pb_text][et_pb_text _builder_version=\u00bb4.19.4\u2033 _module_preset=\u00bb1f09816e-184e-4ce5-a4cf-b39c52c423ca\u00bb text_font=\u00bb|300|||||||\u00bb text_font_size=&quot;1rem&quot; text_line_height=&quot;1.6em&quot; position_origin_a=&quot;bottom_left&quot; vertical_offset=&quot;-28px&quot; width=&quot;100%&quot; text_font_size_tablet=&quot;15px&quot; text_font_size_phone=\u00bb14 font_size_tablet=\u00bb55px\u00bb header_font_size_last_edited =\u00bboff|desktop\u00bb global_colors_info=\u00bb{}\u00bb]<\/p>\n<h3><b><\/b><\/h3>\n<h3><b><\/b><\/h3>\n<h3><b><\/b><\/h3>\n<h3><b><\/b><\/h3>\n<h3><b><\/b><\/h3>\n<h3><b><\/b><\/h3>\n<h3><b><\/b><\/h3>\n<h3><b><\/b><\/h3>\n<h3><b><\/b><\/h3>\n<h3><b><\/b><\/h3>\n<h3><b><\/b><\/h3>\n<h3><b>Enfocament integral<\/b><\/h3>\n<p style=\"text-align: justify;\"><span style=\"font-weight: 400;\">No nom\u00e9s formem, sin\u00f3 que oferim eines pr\u00e0ctiques i sostenibles per millorar la vida di\u00e0ria dels que participen als nostres programes.<\/span><\/p>\n<p>[\/et_pb_text][et_pb_text _builder_version=\u00bb4.19.4\u2033 _module_preset=\u00bb1f09816e-184e-4ce5-a4cf-b39c52c423ca\u00bb text_font=\u00bb|300|||||||\u00bb text_font_size=&quot;1rem&quot; text_line_height=&quot;1.6em&quot; position_origin_a=&quot;bottom_left&quot; vertical_offset=&quot;-28px&quot; width=&quot;100%&quot; text_font_size_tablet=&quot;15px&quot; text_font_size_phone=\u00bb14 font_size_tablet=\u00bb55px\u00bb header_font_size_last_edited =\u00bboff|desktop\u00bb global_colors_info=\u00bb{}\u00bb]<\/p>\n<h3><b><\/b><\/h3>\n<h3><b><\/b><\/h3>\n<h3><b><\/b><\/h3>\n<h3><b><\/b><\/h3>\n<h3><b><\/b><\/h3>\n<h3><b><\/b><\/h3>\n<h3><b><\/b><\/h3>\n<h3><b><\/b><\/h3>\n<h3><b><\/b><\/h3>\n<h3><b><\/b><\/h3>\n<h3><b><\/b><\/h3>\n<h3><b><\/b><\/h3>\n<h3><b><\/b><\/h3>\n<h3><b><\/b><\/h3>\n<h3><b><\/b><\/h3>\n<h3><b><\/b><\/h3>\n<h3><b>Diversitat i col\u00b7laboraci\u00f3<\/b><\/h3>\n<p style=\"text-align: justify;\"><span style=\"font-weight: 400;\">Treballem amb persones de tot el m\u00f3n, promovent una xarxa inclusiva de suport i aprenentatge mutu.<\/span><\/p>\n<p>[\/et_pb_text][et_pb_text _builder_version=\u00bb4.27.4&#8243; _module_preset=\u00bb1f09816e-184e-4ce5-a4cf-b39c52c423ca\u00bb text_font=\u00bb|300|||||||\u00bb text_font_size=\u00bb1rem\u00bb text_line_height=\u00bb1.6em\u00bb position_origin_a=\u00bbbottom_left\u00bb vertical_offset=\u00bb-28px\u00bb width=\u00bb100%\u00bb text_font_size_tablet=\u00bb15px\u00bb text_font_size_phone=\u00bb14px\u00bb text_font_size_last_edited=\u00bbon|phone\u00bb header_font_size_tablet=\u00bb55px\u00bb header_font_size_last_edited=\u00bboff|desktop\u00bb global_colors_info=\u00bb{}\u00bb]<\/p>\n<h3><b><\/b><\/h3>\n<h3><b><\/b><\/h3>\n<h3><b><\/b><\/h3>\n<h3><b><\/b><\/h3>\n<h3><b><\/b><\/h3>\n<h3><b><\/b><\/h3>\n<h3><b><\/b><\/h3>\n<h3><b><\/b><\/h3>\n<h3><b><\/b><\/h3>\n<h3><b><\/b><\/h3>\n<h3><b><\/b><\/h3>\n<h3><b><\/b><\/h3>\n<h3><b><\/b><\/h3>\n<h3><b><\/b><\/h3>\n<h3><b><\/b><\/h3>\n<h3><b><\/b><\/h3>\n<h3><b><\/b><\/h3>\n<h3><b>Impacte real<\/b><\/h3>\n<p style=\"text-align: justify;\"><span style=\"font-weight: 400;\">Els nostres programes estan dissenyats per generar canvis tangibles, des de millorar la salut i l&#039;autoestima fins a fomentar l&#039;autonomia econ\u00f2mica i trencar barreres socials.<\/span><\/p>\n<p>[\/et_pb_text][et_pb_text _builder_version=\u00bb4.19.4\u2033 _module_preset=\u00bb1f09816e-184e-4ce5-a4cf-b39c52c423ca\u00bb text_font=\u00bb|300|||||||\u00bb text_font_size=&quot;1rem&quot; text_line_height=&quot;1.6em&quot; position_origin_a=&quot;bottom_left&quot; vertical_offset=&quot;-28px&quot; width=&quot;100%&quot; text_font_size_tablet=&quot;15px&quot; text_font_size_phone=\u00bb14 font_size_tablet=\u00bb55px\u00bb header_font_size_last_edited =\u00bboff|desktop\u00bb global_colors_info=\u00bb{}\u00bb]<\/p>\n<h3><b><\/b><\/h3>\n<h3><b><\/b><\/h3>\n<h3><b><\/b><\/h3>\n<h3><b><\/b><\/h3>\n<h3><b><\/b><\/h3>\n<h3><b><\/b><\/h3>\n<h3><b><\/b><\/h3>\n<h3><b><\/b><\/h3>\n<h3><b><\/b><\/h3>\n<h3><b><\/b><\/h3>\n<h3><b><\/b><\/h3>\n<h3><b><\/b><\/h3>\n<h3><b><\/b><\/h3>\n<h3><b>Espais segurs<\/b><\/h3>\n<p style=\"text-align: justify;\"><span style=\"font-weight: 400;\">Creiem que la confian\u00e7a i el respecte s\u00f3n la base per transformar vides. Creem entorns on les persones es poden expressar, aprendre i cr\u00e9ixer sense por.<\/span><\/p>\n<p>[\/et_pb_text][\/et_pb_column][\/et_pb_row][et_pb_row _builder_version=\u00bb4.27.4&#8243; _module_preset=\u00bbdefault\u00bb global_colors_info=\u00bb{}\u00bb][et_pb_column type=\u00bb4_4&#8243; _builder_version=\u00bb4.27.4&#8243; _module_preset=\u00bbdefault\u00bb global_colors_info=\u00bb{}\u00bb][et_pb_text _builder_version=\u00bb4.27.4&#8243; _module_preset=\u00bbdefault\u00bb global_colors_info=\u00bb{}\u00bb]<\/p>\n<h4 style=\"text-align: justify;\"><b>Si busques formar part d&#039;un projecte transformador que fomenti el canvi social des de l&#039;educaci\u00f3 i l&#039;apoderament, Red Girls Project \u00e9s el teu lloc. <\/b><\/h4>\n<h4 style=\"text-align: justify;\"><b>T&#039;estem esperant!<\/b><\/h4>\n<p><b><\/b><\/p>\n<p><b><\/b><\/p>\n<p><b><\/b><\/p>\n<p>[\/et_pb_text][\/et_pb_column][\/et_pb_row][\/et_pb_section]<\/p>","protected":false},"excerpt":{"rendered":"<p>sobre nosotrosQUI\u00c9NES SOMOS\u00bfqui\u00c9NES SOMOS?SOBRE NOSOTROSRed Girls Project somos una asociaci\u00f3n sin \u00e1nimo de lucro comprometida con el empoderamiento de ni\u00f1as, j\u00f3venes y mujeres a trav\u00e9s de la educaci\u00f3n. Creemos que el conocimiento es una herramienta poderosa para transformar vidas y construir un futuro m\u00e1s justo. Trabajamos para romper tab\u00faes y estigmas, promoviendo el respeto, la [&hellip;]<\/p>","protected":false},"author":1,"featured_media":0,"parent":0,"menu_order":0,"comment_status":"closed","ping_status":"closed","template":"","meta":{"_et_pb_use_builder":"on","_et_pb_old_content":"","_et_gb_content_width":"","footnotes":""},"class_list":["post-560","page","type-page","status-publish","hentry"],"_links":{"self":[{"href":"https:\/\/rgproject.org\/ca\/wp-json\/wp\/v2\/pages\/560","targetHints":{"allow":["GET"]}}],"collection":[{"href":"https:\/\/rgproject.org\/ca\/wp-json\/wp\/v2\/pages"}],"about":[{"href":"https:\/\/rgproject.org\/ca\/wp-json\/wp\/v2\/types\/page"}],"author":[{"embeddable":true,"href":"https:\/\/rgproject.org\/ca\/wp-json\/wp\/v2\/users\/1"}],"replies":[{"embeddable":true,"href":"https:\/\/rgproject.org\/ca\/wp-json\/wp\/v2\/comments?post=560"}],"version-history":[{"count":20,"href":"https:\/\/rgproject.org\/ca\/wp-json\/wp\/v2\/pages\/560\/revisions"}],"predecessor-version":[{"id":2558,"href":"https:\/\/rgproject.org\/ca\/wp-json\/wp\/v2\/pages\/560\/revisions\/2558"}],"wp:attachment":[{"href":"https:\/\/rgproject.org\/ca\/wp-json\/wp\/v2\/media?parent=560"}],"curies":[{"name":"wp","href":"https:\/\/api.w.org\/{rel}","templated":true}]}}