{"id":610,"date":"2022-12-21T16:36:01","date_gmt":"2022-12-21T14:36:01","guid":{"rendered":"http:\/\/rgproject.org\/?page_id=610"},"modified":"2026-03-23T13:22:35","modified_gmt":"2026-03-23T11:22:35","slug":"projectes-solidaris-per-a-uganda","status":"publish","type":"page","link":"https:\/\/rgproject.org\/ca\/projectes-solidaris-per-a-uganda\/","title":{"rendered":"Programes"},"content":{"rendered":"<p>[et_pb_section fb_built=\u00bb1&#8243; next_background_color=\u00bb#ffffff\u00bb admin_label=\u00bbHeader\u00bb _builder_version=\u00bb4.27.4&#8243; _module_preset=\u00bbdefault\u00bb use_background_color_gradient=\u00bbon\u00bb background_color_gradient_stops=\u00bbrgba(43,135,218,0) 0%|rgba(255,255,255,0.78) 100%\u00bb background_color_gradient_overlays_image=\u00bbon\u00bb background_image=\u00bbhttp:\/\/rgproject.org\/wp-content\/uploads\/2025\/01\/IMG-20221207-WA0067.jpg\u00bb min_height=\u00bb800px\u00bb custom_padding=\u00bb165px||165px||true|\u00bb bottom_divider_style=\u00bbcurve2&#8243; locked=\u00bboff\u00bb collapsed=\u00bbon\u00bb global_colors_info=\u00bb{}\u00bb][et_pb_row _builder_version=\u00bb4.17.4&#8243; _module_preset=\u00bbdefault\u00bb global_colors_info=\u00bb{}\u00bb][et_pb_column type=\u00bb4_4&#8243; _builder_version=\u00bb4.17.4&#8243; _module_preset=\u00bbdefault\u00bb global_colors_info=\u00bb{}\u00bb][et_pb_text _builder_version=\u00bb4.27.4&#8243; _module_preset=\u00bbe6504a1b-67eb-4b3d-b023-bcab277610b6&#8243; header_4_font=\u00bb|||on|||||\u00bb header_4_text_align=\u00bbcenter\u00bb header_4_text_color=\u00bb#ff5f5f\u00bb header_4_font_size=\u00bb1rem\u00bb header_4_letter_spacing=\u00bb0.15em\u00bb header_4_line_height=\u00bb1.5em\u00bb custom_margin=\u00bb||0px||false|false\u00bb global_colors_info=\u00bb{}\u00bb]<\/p>\n<h4><span style=\"color: #cc99ff;\">Projectes<\/span><\/h4>\n<p>[\/et_pb_text][et_pb_text _builder_version=\u00bb4.27.4&#8243; _module_preset=\u00bbc16985e1-e0d6-4022-964d-e2bfc04fa633&#8243; header_text_align=\u00bbcenter\u00bb header_text_color=\u00bb#FFFFFF\u00bb header_font_size=\u00bb3rem\u00bb header_2_font=\u00bb||||||||\u00bb header_2_text_color=\u00bb#000000&#8243; header_2_font_size=\u00bb55px\u00bb header_2_line_height=\u00bb1.2em\u00bb header_font_size_tablet=\u00bb3rem\u00bb header_font_size_phone=\u00bb3rem\u00bb header_font_size_last_edited=\u00bbon|phone\u00bb header_2_font_size_tablet=\u00bb32px\u00bb header_2_font_size_phone=\u00bb20px\u00bb header_2_font_size_last_edited=\u00bbon|desktop\u00bb global_colors_info=\u00bb{}\u00bb]<\/p>\n<h1>QU\u00c8 FEM?<\/h1>\n<p>[\/et_pb_text][et_pb_button button_url=\u00bb#proyectos\u00bb button_text=\u00bbM\u00e1s informaci\u00f3n\u00bb button_alignment=\u00bbcenter\u00bb _builder_version=\u00bb4.27.4&#8243; _module_preset=\u00bb31b4f027-aaa0-4f2f-ae02-959764e19e4f\u00bb custom_button=\u00bbon\u00bb button_text_size=\u00bb1rem\u00bb button_text_color=\u00bb#C88BDA\u00bb button_bg_color=\u00bb#ffffff\u00bb button_border_color=\u00bb#000000&#8243; button_border_radius=\u00bb0px\u00bb button_font=\u00bb|700||on|||||\u00bb custom_padding=\u00bb16px|37px|16px|24px|true|false\u00bb locked=\u00bboff\u00bb global_colors_info=\u00bb{}\u00bb][\/et_pb_button][\/et_pb_column][\/et_pb_row][\/et_pb_section][et_pb_section fb_built=\u00bb1&#8243; _builder_version=\u00bb4.27.4&#8243; _module_preset=\u00bbdefault\u00bb custom_padding=\u00bb||0px|||\u00bb global_colors_info=\u00bb{}\u00bb][et_pb_row _builder_version=\u00bb4.27.4&#8243; _module_preset=\u00bbdefault\u00bb global_colors_info=\u00bb{}\u00bb][et_pb_column type=\u00bb4_4&#8243; _builder_version=\u00bb4.27.4&#8243; _module_preset=\u00bbdefault\u00bb global_colors_info=\u00bb{}\u00bb][et_pb_text _builder_version=\u00bb4.27.4&#8243; _module_preset=\u00bbdefault\u00bb global_colors_info=\u00bb{}\u00bb]<\/p>\n<h4><span style=\"color: #cc99ff;\"><b>QU\u00c8 FEM?<\/b><\/span><\/h4>\n<p><b>Red Girls Project<\/b><span style=\"font-weight: 400;\"> desenvolupa programes educatius enfocats a la salut, l&#039;autonomia i la sostenibilitat. El nostre objectiu \u00e9s crear espais segurs on les persones puguin aprendre, cr\u00e9ixer i prendre decisions informades sobre els seus cossos i benestar.<\/span><\/p>\n<p><span style=\"font-weight: 400;\"><\/span><\/p>\n<p><span style=\"font-weight: 400;\"><\/span><\/p>\n<p><span style=\"font-weight: 400;\"><\/span><\/p>\n<h2>ELS NOSTRES PROGRAMES<\/h2>\n<p style=\"text-align: justify;\"><span style=\"font-weight: 400;\">C<\/span><span style=\"font-weight: 400;\">reiem que l&#039;educaci\u00f3 \u00e9s la clau de l&#039;apoderament. Moltes nenes, adolescents i dones en comunitats vulnerables creixen sense acc\u00e9s a informaci\u00f3 sobre el propi cos, la salut i els drets. A trav\u00e9s dels nostres programes, volem trencar el silenci, combatre la desinformaci\u00f3 i proporcionar eines perqu\u00e8 cada persona pugui prendre decisions informades sobre el benestar i el futur.<\/span><\/p>\n<p>[\/et_pb_text][\/et_pb_column][\/et_pb_row][\/et_pb_section][et_pb_section fb_built=\u00bb1&#8243; admin_label=\u00bbService\u00bb _builder_version=\u00bb4.17.4&#8243; _module_preset=\u00bbdefault\u00bb custom_padding=\u00bb0px|||||\u00bb collapsed=\u00bbon\u00bb global_colors_info=\u00bb{}\u00bb][et_pb_row column_structure=\u00bb1_2,1_2&#8243; _builder_version=\u00bb4.17.4&#8243; _module_preset=\u00bbdefault\u00bb global_colors_info=\u00bb{}\u00bb][et_pb_column type=\u00bb1_2&#8243; _builder_version=\u00bb4.17.4&#8243; _module_preset=\u00bbdefault\u00bb global_colors_info=\u00bb{}\u00bb][et_pb_text _builder_version=\u00bb4.19.4&#8243; _module_preset=\u00bbe6504a1b-67eb-4b3d-b023-bcab277610b6&#8243; header_4_font=\u00bb|||on|||||\u00bb header_4_text_color=\u00bb#ff5f5f\u00bb header_4_font_size=\u00bb1rem\u00bb header_4_letter_spacing=\u00bb0.15em\u00bb header_4_line_height=\u00bb1.5em\u00bb custom_margin=\u00bb||0px||false|false\u00bb global_colors_info=\u00bb{}\u00bb][\/et_pb_text][et_pb_text module_class=\u00bbpartial-underline-grey\u00bb _builder_version=\u00bb4.19.4&#8243; _module_preset=\u00bbb327cbe4-b1d5-4b66-ad37-40c8f2f061ba\u00bb header_font=\u00bb||||||||\u00bb header_text_color=\u00bb#000000&#8243; header_font_size=\u00bb3rem\u00bb header_2_font_size=\u00bb3rem\u00bb header_font_size_tablet=\u00bb40px\u00bb header_font_size_phone=\u00bb24px\u00bb header_font_size_last_edited=\u00bbon|desktop\u00bb global_colors_info=\u00bb{}\u00bb]<\/p>\n<h2><span style=\"font-weight: 400;\">Anatomia femenina i masculina<\/span><\/h2>\n<p>[\/et_pb_text][et_pb_text _builder_version=\u00bb4.27.4&#8243; _module_preset=\u00bb1f09816e-184e-4ce5-a4cf-b39c52c423ca\u00bb text_font=\u00bb|300|||||||\u00bb text_font_size=\u00bb1rem\u00bb global_colors_info=\u00bb{}\u00bb]<\/p>\n<p style=\"text-align: justify;\"><b>Con\u00e8ixer el cos \u00e9s el primer pas cap a l&#039;apoderament.<\/b><span style=\"font-weight: 400;\"> Moltes nenes i joves no tenen acc\u00e9s a informaci\u00f3 clara sobre com funciona el seu cos, cosa que genera inseguretats, pors i tab\u00fas.<\/span><\/p>\n<p style=\"text-align: justify;\"><b>Qu\u00e8 fem?<\/b><b><br \/><\/b><span style=\"font-weight: 400;\">\u2714\ufe0f Expliquem de manera senzilla l&#039;anatomia femenina i masculina.<\/span><span style=\"font-weight: 400;\"><br \/><\/span><span style=\"font-weight: 400;\">\u2714\ufe0f Promovem el coneixement del cos per millorar l&#039;autoestima i la confian\u00e7a.<\/span><span style=\"font-weight: 400;\"><br \/><\/span><span style=\"font-weight: 400;\">\u2714\ufe0f Desmuntem mites i fomentem el respecte per la diversitat corporal.<\/span><\/p>\n<p style=\"text-align: justify;\"><b>Objectiu:<\/b><span style=\"font-weight: 400;\"> Ajudar nenes i dones a comprendre i respectar els seus cossos, afavorint la seva autonomia i benestar.<\/span><\/p>\n<p><span style=\"font-size: 17px;\">.<\/span><\/p>\n<p>[\/et_pb_text][\/et_pb_column][et_pb_column type=\u00bb1_2&#8243; _builder_version=\u00bb4.17.4&#8243; _module_preset=\u00bbdefault\u00bb global_colors_info=\u00bb{}\u00bb][et_pb_image src=\u00bbhttp:\/\/rgproject.org\/wp-content\/uploads\/2025\/01\/Anatomia-.png\u00bb title_text=\u00bbAnatom\u00eda\u00bb _builder_version=\u00bb4.27.4&#8243; _module_preset=\u00bbdefault\u00bb box_shadow_style=\u00bbpreset4&#8243; box_shadow_horizontal=\u00bb-10px\u00bb box_shadow_color=\u00bb#C88BDA\u00bb global_colors_info=\u00bb{}\u00bb][\/et_pb_image][\/et_pb_column][\/et_pb_row][et_pb_row column_structure=\u00bb1_2,1_2&#8243; _builder_version=\u00bb4.17.4&#8243; _module_preset=\u00bbdefault\u00bb global_colors_info=\u00bb{}\u00bb][et_pb_column type=\u00bb1_2&#8243; _builder_version=\u00bb4.17.4&#8243; _module_preset=\u00bbdefault\u00bb global_colors_info=\u00bb{}\u00bb][et_pb_text _builder_version=\u00bb4.19.4&#8243; _module_preset=\u00bbe6504a1b-67eb-4b3d-b023-bcab277610b6&#8243; header_4_font=\u00bb|||on|||||\u00bb header_4_text_color=\u00bb#ff5f5f\u00bb header_4_font_size=\u00bb1rem\u00bb header_4_letter_spacing=\u00bb0.15em\u00bb header_4_line_height=\u00bb1.5em\u00bb custom_margin=\u00bb||0px||false|false\u00bb global_colors_info=\u00bb{}\u00bb][\/et_pb_text][et_pb_image src=\u00bbhttp:\/\/rgproject.org\/wp-content\/uploads\/2025\/01\/salud-reproductiva.png\u00bb title_text=\u00bbsalud reproductiva\u00bb _builder_version=\u00bb4.27.4&#8243; _module_preset=\u00bbdefault\u00bb box_shadow_style=\u00bbpreset4&#8243; box_shadow_color=\u00bb#C88BDA\u00bb global_colors_info=\u00bb{}\u00bb][\/et_pb_image][\/et_pb_column][et_pb_column type=\u00bb1_2&#8243; _builder_version=\u00bb4.17.4&#8243; _module_preset=\u00bbdefault\u00bb global_colors_info=\u00bb{}\u00bb][et_pb_text module_class=\u00bbpartial-underline-grey\u00bb _builder_version=\u00bb4.19.4&#8243; _module_preset=\u00bbb327cbe4-b1d5-4b66-ad37-40c8f2f061ba\u00bb header_font=\u00bb||||||||\u00bb header_text_color=\u00bb#000000&#8243; header_font_size=\u00bb3rem\u00bb header_2_font_size=\u00bb3rem\u00bb header_font_size_tablet=\u00bb40px\u00bb header_font_size_phone=\u00bb24px\u00bb header_font_size_last_edited=\u00bbon|desktop\u00bb global_colors_info=\u00bb{}\u00bb]<\/p>\n<h2><span style=\"font-weight: 400;\">Salut reproductiva<\/span><\/h2>\n<p>[\/et_pb_text][et_pb_text _builder_version=\u00bb4.27.4&#8243; _module_preset=\u00bb1f09816e-184e-4ce5-a4cf-b39c52c423ca\u00bb text_font=\u00bb|300|||||||\u00bb text_font_size=\u00bb1rem\u00bb global_colors_info=\u00bb{}\u00bb]<\/p>\n<p style=\"text-align: justify;\"><b>El desconeixement sobre la salut reproductiva pot tenir conseq\u00fc\u00e8ncies greus.<\/b><span style=\"font-weight: 400;\"> Moltes joves no comprenen com funciona el sistema reproductor ni quan han d&#039;acudir a un professional de la salut.<\/span><\/p>\n<p style=\"text-align: justify;\"><b>Qu\u00e8 fem?<\/b><b><br \/><\/b><span style=\"font-weight: 400;\">\u2714\ufe0f Expliquem el funcionament del sistema reproductor femen\u00ed i mascul\u00ed.<\/span><span style=\"font-weight: 400;\"><br \/><\/span><span style=\"font-weight: 400;\">\u2714\ufe0f Desmentim mites sobre la fertilitat i la salut sexual.<\/span><span style=\"font-weight: 400;\"><br \/><\/span><span style=\"font-weight: 400;\">\u2714\ufe0f Oferim informaci\u00f3 sobre com prevenir i detectar problemes ginecol\u00f2gics.<\/span><\/p>\n<p style=\"text-align: justify;\"><b>Objectiu:<\/b><span style=\"font-weight: 400;\"> Promoure decisions informades i garantir lacc\u00e9s a coneixements essencials sobre salut reproductiva.<\/span><\/p>\n<p><span style=\"font-size: 17px;\">.<\/span><\/p>\n<p>[\/et_pb_text][\/et_pb_column][\/et_pb_row][\/et_pb_section][et_pb_section fb_built=\u00bb1&#8243; admin_label=\u00bbService\u00bb _builder_version=\u00bb4.17.4&#8243; _module_preset=\u00bbdefault\u00bb custom_padding=\u00bb0px|||||\u00bb collapsed=\u00bbon\u00bb global_colors_info=\u00bb{}\u00bb][et_pb_row column_structure=\u00bb1_2,1_2&#8243; _builder_version=\u00bb4.17.4&#8243; _module_preset=\u00bbdefault\u00bb global_colors_info=\u00bb{}\u00bb][et_pb_column type=\u00bb1_2&#8243; _builder_version=\u00bb4.17.4&#8243; _module_preset=\u00bbdefault\u00bb global_colors_info=\u00bb{}\u00bb][et_pb_text _builder_version=\u00bb4.19.4&#8243; _module_preset=\u00bbe6504a1b-67eb-4b3d-b023-bcab277610b6&#8243; header_4_font=\u00bb|||on|||||\u00bb header_4_text_color=\u00bb#ff5f5f\u00bb header_4_font_size=\u00bb1rem\u00bb header_4_letter_spacing=\u00bb0.15em\u00bb header_4_line_height=\u00bb1.5em\u00bb custom_margin=\u00bb||0px||false|false\u00bb global_colors_info=\u00bb{}\u00bb][\/et_pb_text][et_pb_text module_class=\u00bbpartial-underline-grey\u00bb _builder_version=\u00bb4.19.4&#8243; _module_preset=\u00bbb327cbe4-b1d5-4b66-ad37-40c8f2f061ba\u00bb header_font=\u00bb||||||||\u00bb header_text_color=\u00bb#000000&#8243; header_font_size=\u00bb3rem\u00bb header_2_font_size=\u00bb3rem\u00bb header_font_size_tablet=\u00bb40px\u00bb header_font_size_phone=\u00bb24px\u00bb header_font_size_last_edited=\u00bbon|desktop\u00bb global_colors_info=\u00bb{}\u00bb]<\/p>\n<h2><span style=\"font-weight: 400;\">Menstruaci\u00f3 i menarquia<\/span><\/h2>\n<p>[\/et_pb_text][et_pb_text _builder_version=\u00bb4.27.4&#8243; _module_preset=\u00bb1f09816e-184e-4ce5-a4cf-b39c52c423ca\u00bb text_font=\u00bb|300|||||||\u00bb text_font_size=\u00bb1rem\u00bb global_colors_info=\u00bb{}\u00bb]<\/p>\n<p style=\"text-align: justify;\"><b>La menstruaci\u00f3 continua sent un tab\u00fa a moltes comunitats.<\/b><span style=\"font-weight: 400;\"> Aix\u00f2 fa vergonya, manca d&#039;acc\u00e9s a productes adequats i abandonament escolar.<\/span><\/p>\n<p style=\"text-align: justify;\"><b>Qu\u00e8 fem?<\/b><b><br \/><\/b><span style=\"font-weight: 400;\">\u2714\ufe0f Normalitzem la menstruaci\u00f3 i desmitifiquem falses creences.<\/span><span style=\"font-weight: 400;\"><br \/><\/span><span style=\"font-weight: 400;\">\u2714\ufe0f Expliquem com funciona el cicle menstrual i la seva relaci\u00f3 amb la salut general.<\/span><span style=\"font-weight: 400;\"><br \/><\/span><span style=\"font-weight: 400;\">\u2714\ufe0f Ensenyem a tenir una bona higiene menstrual<\/span><\/p>\n<p style=\"text-align: justify;\"><b>Objectiu:<\/b><span style=\"font-weight: 400;\"> Combatre la pobresa menstrual, garantir una gesti\u00f3 higi\u00e8nica i digna de la menstruaci\u00f3 i eliminar els estigmes socials associats.<\/span><\/p>\n<p><span style=\"font-size: 17px;\">.<\/span><\/p>\n<p>[\/et_pb_text][\/et_pb_column][et_pb_column type=\u00bb1_2&#8243; _builder_version=\u00bb4.17.4&#8243; _module_preset=\u00bbdefault\u00bb global_colors_info=\u00bb{}\u00bb][et_pb_image src=\u00bbhttp:\/\/rgproject.org\/wp-content\/uploads\/2025\/01\/menstruacion.png\u00bb title_text=\u00bbmenstruacion\u00bb _builder_version=\u00bb4.27.4&#8243; _module_preset=\u00bbdefault\u00bb box_shadow_style=\u00bbpreset4&#8243; box_shadow_horizontal=\u00bb-10px\u00bb box_shadow_color=\u00bb#C88BDA\u00bb global_colors_info=\u00bb{}\u00bb][\/et_pb_image][\/et_pb_column][\/et_pb_row][et_pb_row column_structure=\u00bb1_2,1_2&#8243; _builder_version=\u00bb4.17.4&#8243; _module_preset=\u00bbdefault\u00bb global_colors_info=\u00bb{}\u00bb][et_pb_column type=\u00bb1_2&#8243; _builder_version=\u00bb4.17.4&#8243; _module_preset=\u00bbdefault\u00bb global_colors_info=\u00bb{}\u00bb][et_pb_text _builder_version=\u00bb4.19.4&#8243; _module_preset=\u00bbe6504a1b-67eb-4b3d-b023-bcab277610b6&#8243; header_4_font=\u00bb|||on|||||\u00bb header_4_text_color=\u00bb#ff5f5f\u00bb header_4_font_size=\u00bb1rem\u00bb header_4_letter_spacing=\u00bb0.15em\u00bb header_4_line_height=\u00bb1.5em\u00bb custom_margin=\u00bb||0px||false|false\u00bb global_colors_info=\u00bb{}\u00bb][\/et_pb_text][et_pb_image src=\u00bbhttp:\/\/rgproject.org\/wp-content\/uploads\/2025\/01\/pelvic-power.png\u00bb title_text=\u00bbpelvic power\u00bb _builder_version=\u00bb4.27.4&#8243; _module_preset=\u00bbdefault\u00bb box_shadow_style=\u00bbpreset4&#8243; box_shadow_color=\u00bb#C88BDA\u00bb global_colors_info=\u00bb{}\u00bb][\/et_pb_image][\/et_pb_column][et_pb_column type=\u00bb1_2&#8243; _builder_version=\u00bb4.17.4&#8243; _module_preset=\u00bbdefault\u00bb global_colors_info=\u00bb{}\u00bb][et_pb_text module_class=\u00bbpartial-underline-grey\u00bb _builder_version=\u00bb4.19.4&#8243; _module_preset=\u00bbb327cbe4-b1d5-4b66-ad37-40c8f2f061ba\u00bb header_font=\u00bb||||||||\u00bb header_text_color=\u00bb#000000&#8243; header_font_size=\u00bb3rem\u00bb header_2_font_size=\u00bb3rem\u00bb header_font_size_tablet=\u00bb40px\u00bb header_font_size_phone=\u00bb24px\u00bb header_font_size_last_edited=\u00bbon|desktop\u00bb global_colors_info=\u00bb{}\u00bb]<\/p>\n<h2><span style=\"font-weight: 400;\">Pelvic Power<\/span><\/h2>\n<p>[\/et_pb_text][et_pb_text _builder_version=\u00bb4.27.4&#8243; _module_preset=\u00bb1f09816e-184e-4ce5-a4cf-b39c52c423ca\u00bb text_font=\u00bb|300|||||||\u00bb text_font_size=\u00bb1rem\u00bb global_colors_info=\u00bb{}\u00bb]<\/p>\n<p style=\"text-align: justify;\"><b>El s\u00f2l p\u00e8lvic \u00e9s clau per a la salut i el benestar de les dones, per\u00f2 poques reben informaci\u00f3 sobre la cura.<\/b><span style=\"font-weight: 400;\"> La incontin\u00e8ncia urin\u00e0ria, el dolor p\u00e8lvic o els prolapses s\u00f3n problemes comuns que es poden prevenir amb una bona educaci\u00f3.<\/span><\/p>\n<p style=\"text-align: justify;\"><b>Qu\u00e8 fem?<\/b><b><br \/><\/b><span style=\"font-weight: 400;\">\u2714\ufe0f Expliquem la import\u00e0ncia del s\u00f2l p\u00e8lvic en la salut femenina.<\/span><span style=\"font-weight: 400;\"><br \/><\/span><span style=\"font-weight: 400;\">\u2714\ufe0f Ensenyem exercicis per enfortir aquesta musculatura i prevenir disfuncions.<\/span><span style=\"font-weight: 400;\"><br \/><\/span><span style=\"font-weight: 400;\">\u2714\ufe0f Fomentem l&#039;autonomia i l&#039;autocura en les dones de totes les edats.<\/span><\/p>\n<p style=\"text-align: justify;\"><b>Objectiu:<\/b><span style=\"font-weight: 400;\"> Millorar la qualitat de vida de dones i nenes mitjan\u00e7ant la prevenci\u00f3 i enfortiment del s\u00f2l p\u00e8lvic.<\/span><span style=\"font-weight: 400;\"><br \/><\/span><\/p>\n<p><span style=\"font-size: 17px;\">.<\/span><\/p>\n<p>[\/et_pb_text][\/et_pb_column][\/et_pb_row][\/et_pb_section][et_pb_section fb_built=\u00bb1&#8243; admin_label=\u00bbService\u00bb _builder_version=\u00bb4.17.4&#8243; _module_preset=\u00bbdefault\u00bb custom_padding=\u00bb0px|||||\u00bb collapsed=\u00bbon\u00bb global_colors_info=\u00bb{}\u00bb][et_pb_row column_structure=\u00bb1_2,1_2&#8243; _builder_version=\u00bb4.17.4&#8243; _module_preset=\u00bbdefault\u00bb global_colors_info=\u00bb{}\u00bb][et_pb_column type=\u00bb1_2&#8243; _builder_version=\u00bb4.17.4&#8243; _module_preset=\u00bbdefault\u00bb global_colors_info=\u00bb{}\u00bb][et_pb_text _builder_version=\u00bb4.19.4&#8243; _module_preset=\u00bbe6504a1b-67eb-4b3d-b023-bcab277610b6&#8243; header_4_font=\u00bb|||on|||||\u00bb header_4_text_color=\u00bb#ff5f5f\u00bb header_4_font_size=\u00bb1rem\u00bb header_4_letter_spacing=\u00bb0.15em\u00bb header_4_line_height=\u00bb1.5em\u00bb custom_margin=\u00bb||0px||false|false\u00bb global_colors_info=\u00bb{}\u00bb][\/et_pb_text][et_pb_text module_class=\u00bbpartial-underline-grey\u00bb _builder_version=\u00bb4.19.4&#8243; _module_preset=\u00bbb327cbe4-b1d5-4b66-ad37-40c8f2f061ba\u00bb header_font=\u00bb||||||||\u00bb header_text_color=\u00bb#000000&#8243; header_font_size=\u00bb3rem\u00bb header_2_font_size=\u00bb3rem\u00bb header_font_size_tablet=\u00bb40px\u00bb header_font_size_phone=\u00bb24px\u00bb header_font_size_last_edited=\u00bbon|desktop\u00bb global_colors_info=\u00bb{}\u00bb]<\/p>\n<h2><span style=\"font-weight: 400;\">Educaci\u00f3 sexual integral<\/span><\/h2>\n<p>[\/et_pb_text][et_pb_text _builder_version=\u00bb4.27.4&#8243; _module_preset=\u00bb1f09816e-184e-4ce5-a4cf-b39c52c423ca\u00bb text_font=\u00bb|300|||||||\u00bb text_font_size=\u00bb1rem\u00bb global_colors_info=\u00bb{}\u00bb]<\/p>\n<p style=\"text-align: justify;\"><b>Moltes nenes i joves no tenen informaci\u00f3 clara i accessible sobre la seva sexualitat i els seus drets.<\/b><span style=\"font-weight: 400;\"> Aix\u00f2 les fa m\u00e9s vulnerables a abusos, embarassos no planificats i malalties de transmissi\u00f3 sexual.<\/span><\/p>\n<p style=\"text-align: justify;\"><b>Qu\u00e8 fem?<\/b><b><br \/><\/b><span style=\"font-weight: 400;\">\u2714\ufe0f Abordem l&#039;educaci\u00f3 sexual des d&#039;una perspectiva integral i lliure de tab\u00fas.<\/span><span style=\"font-weight: 400;\"><br \/><\/span><span style=\"font-weight: 400;\">\u2714\ufe0f Expliquem m\u00e8todes anticonceptius, ITS i la import\u00e0ncia del consentiment.<\/span><span style=\"font-weight: 400;\"><br \/><\/span><span style=\"font-weight: 400;\">\u2714\ufe0f Creem espais segurs on resoldre dubtes sense por ni vergonya.<\/span><\/p>\n<p style=\"text-align: justify;\"><b>Objectiu:<\/b><span style=\"font-weight: 400;\"> Garantir que cada persona pugui prendre decisions informades sobre el cos, la sexualitat i el benestar.<\/span><\/p>\n<p><span style=\"font-size: 17px;\">.<\/span><\/p>\n<p>[\/et_pb_text][\/et_pb_column][et_pb_column type=\u00bb1_2&#8243; _builder_version=\u00bb4.17.4&#8243; _module_preset=\u00bbdefault\u00bb global_colors_info=\u00bb{}\u00bb][et_pb_image src=\u00bbhttp:\/\/rgproject.org\/wp-content\/uploads\/2025\/01\/educacion-sexual.png\u00bb title_text=\u00bbeducacion sexual\u00bb _builder_version=\u00bb4.27.4&#8243; _module_preset=\u00bbdefault\u00bb box_shadow_style=\u00bbpreset4&#8243; box_shadow_horizontal=\u00bb-10px\u00bb box_shadow_color=\u00bb#C88BDA\u00bb global_colors_info=\u00bb{}\u00bb][\/et_pb_image][\/et_pb_column][\/et_pb_row][et_pb_row column_structure=\u00bb1_2,1_2&#8243; _builder_version=\u00bb4.17.4&#8243; _module_preset=\u00bbdefault\u00bb global_colors_info=\u00bb{}\u00bb][et_pb_column type=\u00bb1_2&#8243; _builder_version=\u00bb4.17.4&#8243; _module_preset=\u00bbdefault\u00bb global_colors_info=\u00bb{}\u00bb][et_pb_text _builder_version=\u00bb4.19.4&#8243; _module_preset=\u00bbe6504a1b-67eb-4b3d-b023-bcab277610b6&#8243; header_4_font=\u00bb|||on|||||\u00bb header_4_text_color=\u00bb#ff5f5f\u00bb header_4_font_size=\u00bb1rem\u00bb header_4_letter_spacing=\u00bb0.15em\u00bb header_4_line_height=\u00bb1.5em\u00bb custom_margin=\u00bb||0px||false|false\u00bb global_colors_info=\u00bb{}\u00bb][\/et_pb_text][et_pb_image src=\u00bbhttp:\/\/rgproject.org\/wp-content\/uploads\/2025\/01\/taller-costura.png\u00bb title_text=\u00bbtaller costura\u00bb _builder_version=\u00bb4.27.4&#8243; _module_preset=\u00bbdefault\u00bb box_shadow_style=\u00bbpreset4&#8243; box_shadow_color=\u00bb#C88BDA\u00bb global_colors_info=\u00bb{}\u00bb][\/et_pb_image][\/et_pb_column][et_pb_column type=\u00bb1_2&#8243; _builder_version=\u00bb4.17.4&#8243; _module_preset=\u00bbdefault\u00bb global_colors_info=\u00bb{}\u00bb][et_pb_text module_class=\u00bbpartial-underline-grey\u00bb _builder_version=\u00bb4.19.4&#8243; _module_preset=\u00bbb327cbe4-b1d5-4b66-ad37-40c8f2f061ba\u00bb header_font=\u00bb||||||||\u00bb header_text_color=\u00bb#000000&#8243; header_font_size=\u00bb3rem\u00bb header_2_font_size=\u00bb3rem\u00bb header_font_size_tablet=\u00bb40px\u00bb header_font_size_phone=\u00bb24px\u00bb header_font_size_last_edited=\u00bbon|desktop\u00bb global_colors_info=\u00bb{}\u00bb]<\/p>\n<h2><span style=\"font-weight: 400;\">Taller de costura<\/span><\/h2>\n<p>[\/et_pb_text][et_pb_text _builder_version=\u00bb4.27.4&#8243; _module_preset=\u00bb1f09816e-184e-4ce5-a4cf-b39c52c423ca\u00bb text_font=\u00bb|300|||||||\u00bb text_font_size=\u00bb1rem\u00bb global_colors_info=\u00bb{}\u00bb]<\/p>\n<p style=\"text-align: justify;\"><b>La costura pot ser una eina d&#039;apoderament i d&#039;autosufici\u00e8ncia econ\u00f2mica.<\/b><span style=\"font-weight: 400;\"> A m\u00e9s d&#039;ajudar a la confecci\u00f3 de compreses reutilitzables, tamb\u00e9 permet a moltes dones generar ingressos.<\/span><\/p>\n<p style=\"text-align: justify;\"><b>Qu\u00e8 fem?<\/b><b><br \/><\/b><span style=\"font-weight: 400;\">\u2714\ufe0f Ensenyem a confeccionar compreses de tela i altres productes reutilitzables.<\/span><span style=\"font-weight: 400;\"><br \/><\/span><span style=\"font-weight: 400;\">\u2714\ufe0f Promovem l&#039;autosufici\u00e8ncia econ\u00f2mica de les participants.<\/span><span style=\"font-weight: 400;\"><br \/><\/span><span style=\"font-weight: 400;\">\u2714\ufe0f Fomentem el treball en equip i la col\u00b7laboraci\u00f3 dins de les comunitats.<\/span><\/p>\n<p style=\"text-align: justify;\"><b>Objectiu:<\/b><span style=\"font-weight: 400;\"> Oferir eines pr\u00e0ctiques que permetin a dones i joves desenvolupar noves habilitats i accedir a oportunitats econ\u00f2miques.<\/span><span style=\"font-weight: 400;\"><br \/><\/span><\/p>\n<p><span style=\"font-size: 17px;\">.<\/span><\/p>\n<p>[\/et_pb_text][\/et_pb_column][\/et_pb_row][\/et_pb_section][et_pb_section fb_built=\u00bb1&#8243; _builder_version=\u00bb4.27.4&#8243; _module_preset=\u00bbdefault\u00bb custom_margin=\u00bb||-61px|||\u00bb custom_padding=\u00bb0px|||||\u00bb global_colors_info=\u00bb{}\u00bb][et_pb_row _builder_version=\u00bb4.27.4&#8243; _module_preset=\u00bbdefault\u00bb global_colors_info=\u00bb{}\u00bb][et_pb_column type=\u00bb4_4&#8243; _builder_version=\u00bb4.27.4&#8243; _module_preset=\u00bbdefault\u00bb global_colors_info=\u00bb{}\u00bb][et_pb_text _builder_version=\u00bb4.27.4&#8243; _module_preset=\u00bbdefault\u00bb global_colors_info=\u00bb{}\u00bb]<\/p>\n<h4><span style=\"font-weight: 400;\">Als nostres programes ja existents, sumem dues noves iniciatives clau:<\/span><\/h4>\n<p>[\/et_pb_text][\/et_pb_column][\/et_pb_row][et_pb_row column_structure=\u00bb1_2,1_2&#8243; _builder_version=\u00bb4.17.4&#8243; _module_preset=\u00bbdefault\u00bb global_colors_info=\u00bb{}\u00bb][et_pb_column type=\u00bb1_2&#8243; _builder_version=\u00bb4.17.4&#8243; _module_preset=\u00bbdefault\u00bb global_colors_info=\u00bb{}\u00bb][et_pb_text _builder_version=\u00bb4.19.4&#8243; _module_preset=\u00bbe6504a1b-67eb-4b3d-b023-bcab277610b6&#8243; header_4_font=\u00bb|||on|||||\u00bb header_4_text_color=\u00bb#ff5f5f\u00bb header_4_font_size=\u00bb1rem\u00bb header_4_letter_spacing=\u00bb0.15em\u00bb header_4_line_height=\u00bb1.5em\u00bb custom_margin=\u00bb||0px||false|false\u00bb global_colors_info=\u00bb{}\u00bb][\/et_pb_text][et_pb_text module_class=\u00bbpartial-underline-grey\u00bb _builder_version=\u00bb4.19.4&#8243; _module_preset=\u00bbb327cbe4-b1d5-4b66-ad37-40c8f2f061ba\u00bb header_font=\u00bb||||||||\u00bb header_text_color=\u00bb#000000&#8243; header_font_size=\u00bb3rem\u00bb header_2_font_size=\u00bb3rem\u00bb header_font_size_tablet=\u00bb40px\u00bb header_font_size_phone=\u00bb24px\u00bb header_font_size_last_edited=\u00bbon|desktop\u00bb global_colors_info=\u00bb{}\u00bb]<\/p>\n<h2><b>Intercanvis culturals i voluntariat: viatges solidaris<\/b><\/h2>\n<p>[\/et_pb_text][et_pb_text _builder_version=\u00bb4.27.4&#8243; _module_preset=\u00bb1f09816e-184e-4ce5-a4cf-b39c52c423ca\u00bb text_font=\u00bb|300|||||||\u00bb text_font_size=\u00bb1rem\u00bb global_colors_info=\u00bb{}\u00bb]<\/p>\n<p><b>Creiem en la import\u00e0ncia de viure el canvi a primera persona.<\/b><span style=\"font-weight: 400;\"> Volem que m\u00e9s persones puguin participar activament a les nostres iniciatives i con\u00e8ixer de prop les realitats de les comunitats on treballem.<\/span><\/p>\n<p><b>Qu\u00e8 volem oferir?<\/b><b><br \/><\/b><span style=\"font-weight: 400;\">\u2714\ufe0f Experi\u00e8ncies de voluntariat en comunitats on implementem els nostres programes.<\/span><span style=\"font-weight: 400;\"><br \/><\/span><span style=\"font-weight: 400;\">\u2714\ufe0f Intercanvis culturals per generar aprenentatge mutu.<\/span><span style=\"font-weight: 400;\"><br \/><\/span><span style=\"font-weight: 400;\">\u2714\ufe0f Activitats immersives amb impacte social real.<\/span><\/p>\n<p><b>Objectiu:<\/b><span style=\"font-weight: 400;\"> Crear un enlla\u00e7 directe entre els voluntaris i les comunitats, enfortint l&#039;impacte dels nostres programes i fomentant la consci\u00e8ncia global.<\/span><\/p>\n<p><span style=\"font-size: 17px;\">.<\/span><\/p>\n<p>[\/et_pb_text][\/et_pb_column][et_pb_column type=\u00bb1_2&#8243; _builder_version=\u00bb4.17.4&#8243; _module_preset=\u00bbdefault\u00bb global_colors_info=\u00bb{}\u00bb][et_pb_image src=\u00bbhttp:\/\/rgproject.org\/wp-content\/uploads\/2025\/01\/voluntariado.png\u00bb title_text=\u00bbvoluntariado\u00bb _builder_version=\u00bb4.27.4&#8243; _module_preset=\u00bbdefault\u00bb custom_padding=\u00bb|0px||||\u00bb box_shadow_style=\u00bbpreset4&#8243; box_shadow_horizontal=\u00bb-10px\u00bb box_shadow_color=\u00bb#C88BDA\u00bb global_colors_info=\u00bb{}\u00bb][\/et_pb_image][\/et_pb_column][\/et_pb_row][\/et_pb_section][et_pb_section fb_built=\u00bb1&#8243; admin_label=\u00bbService\u00bb _builder_version=\u00bb4.17.4&#8243; _module_preset=\u00bbdefault\u00bb custom_margin=\u00bb||-88px|||\u00bb custom_padding=\u00bb0px|||||\u00bb collapsed=\u00bbon\u00bb global_colors_info=\u00bb{}\u00bb][et_pb_row column_structure=\u00bb1_2,1_2&#8243; _builder_version=\u00bb4.17.4&#8243; _module_preset=\u00bbdefault\u00bb global_colors_info=\u00bb{}\u00bb][et_pb_column type=\u00bb1_2&#8243; _builder_version=\u00bb4.17.4&#8243; _module_preset=\u00bbdefault\u00bb global_colors_info=\u00bb{}\u00bb][et_pb_text _builder_version=\u00bb4.19.4&#8243; _module_preset=\u00bbe6504a1b-67eb-4b3d-b023-bcab277610b6&#8243; header_4_font=\u00bb|||on|||||\u00bb header_4_text_color=\u00bb#ff5f5f\u00bb header_4_font_size=\u00bb1rem\u00bb header_4_letter_spacing=\u00bb0.15em\u00bb header_4_line_height=\u00bb1.5em\u00bb custom_margin=\u00bb||0px||false|false\u00bb global_colors_info=\u00bb{}\u00bb][\/et_pb_text][et_pb_image src=\u00bbhttp:\/\/rgproject.org\/wp-content\/uploads\/2025\/01\/becas-formativas.png\u00bb title_text=\u00bbbecas formativas\u00bb _builder_version=\u00bb4.27.4&#8243; _module_preset=\u00bbdefault\u00bb box_shadow_style=\u00bbpreset4&#8243; box_shadow_color=\u00bb#C88BDA\u00bb global_colors_info=\u00bb{}\u00bb][\/et_pb_image][\/et_pb_column][et_pb_column type=\u00bb1_2&#8243; _builder_version=\u00bb4.17.4&#8243; _module_preset=\u00bbdefault\u00bb global_colors_info=\u00bb{}\u00bb][et_pb_text module_class=\u00bbpartial-underline-grey\u00bb _builder_version=\u00bb4.19.4&#8243; _module_preset=\u00bbb327cbe4-b1d5-4b66-ad37-40c8f2f061ba\u00bb header_font=\u00bb||||||||\u00bb header_text_color=\u00bb#000000&#8243; header_font_size=\u00bb3rem\u00bb header_2_font_size=\u00bb3rem\u00bb header_font_size_tablet=\u00bb40px\u00bb header_font_size_phone=\u00bb24px\u00bb header_font_size_last_edited=\u00bbon|desktop\u00bb global_colors_info=\u00bb{}\u00bb]<\/p>\n<h2><span style=\"font-weight: 400;\">Beques formatives per a nenes i joves en situaci\u00f3 vulnerable<\/span><\/h2>\n<p>[\/et_pb_text][et_pb_text _builder_version=\u00bb4.27.4&#8243; _module_preset=\u00bb1f09816e-184e-4ce5-a4cf-b39c52c423ca\u00bb text_font=\u00bb|300|||||||\u00bb text_font_size=\u00bb1rem\u00bb global_colors_info=\u00bb{}\u00bb]<\/p>\n<p style=\"text-align: justify;\"><span style=\"font-weight: 400;\">L&#039;acc\u00e9s a l&#039;educaci\u00f3 \u00e9s clau per trencar el cicle de pobresa i desigualtat. Volem oferir <\/span><b>beques formatives<\/b><span style=\"font-weight: 400;\"> perqu\u00e8 nenes i joves puguin continuar amb els estudis i assegurar un futur ple d&#039;oportunitats.<\/span><\/p>\n<p style=\"text-align: justify;\"><b><span style=\"font-weight: 400;\">Amb aquest programa, busquem:<\/span><span style=\"font-weight: 400;\"><br \/><\/span><span style=\"font-weight: 400;\">\u2714\ufe0f <\/span>Evitar la deserci\u00f3 escolar<span style=\"font-weight: 400;\"> per manca de recursos.<\/span><span style=\"font-weight: 400;\"><br \/><\/span><span style=\"font-weight: 400;\">\u2714\ufe0f <\/span>Oferir suport educatiu i material<span style=\"font-weight: 400;\"> als que ho necessitin.<\/span><span style=\"font-weight: 400;\"><br \/><\/span><span style=\"font-weight: 400;\">\u2714\ufe0f <\/span>Potenciar lacc\u00e9s a formaci\u00f3 t\u00e8cnica i professional<span style=\"font-weight: 400;\"> que els ajudi a assolir la independ\u00e8ncia econ\u00f2mica.<\/span><\/b><span style=\"font-weight: 400;\"><\/span><span style=\"font-weight: 400;\"><br \/><\/span><\/p>\n<p><span style=\"font-size: 17px;\">.<\/span><\/p>\n<p>[\/et_pb_text][\/et_pb_column][\/et_pb_row][et_pb_row column_structure=\u00bb1_2,1_2&#8243; _builder_version=\u00bb4.17.4&#8243; _module_preset=\u00bbdefault\u00bb global_colors_info=\u00bb{}\u00bb][et_pb_column type=\u00bb1_2&#8243; _builder_version=\u00bb4.17.4&#8243; _module_preset=\u00bbdefault\u00bb global_colors_info=\u00bb{}\u00bb][et_pb_text _builder_version=\u00bb4.19.4&#8243; _module_preset=\u00bbe6504a1b-67eb-4b3d-b023-bcab277610b6&#8243; header_4_font=\u00bb|||on|||||\u00bb header_4_text_color=\u00bb#ff5f5f\u00bb header_4_font_size=\u00bb1rem\u00bb header_4_letter_spacing=\u00bb0.15em\u00bb header_4_line_height=\u00bb1.5em\u00bb custom_margin=\u00bb||0px||false|false\u00bb global_colors_info=\u00bb{}\u00bb][\/et_pb_text][et_pb_text module_class=\u00bbpartial-underline-grey\u00bb _builder_version=\u00bb4.19.4&#8243; _module_preset=\u00bbb327cbe4-b1d5-4b66-ad37-40c8f2f061ba\u00bb header_font=\u00bb||||||||\u00bb header_text_color=\u00bb#000000&#8243; header_font_size=\u00bb3rem\u00bb header_2_font_size=\u00bb3rem\u00bb header_font_size_tablet=\u00bb40px\u00bb header_font_size_phone=\u00bb24px\u00bb header_font_size_last_edited=\u00bbon|desktop\u00bb global_colors_info=\u00bb{}\u00bb]<\/p>\n<h2><span style=\"font-weight: 400;\">Prevenci\u00f3 i sensibilitzaci\u00f3 sobre la viol\u00e8ncia de g\u00e8nere<\/span><\/h2>\n<p>[\/et_pb_text][et_pb_text _builder_version=\u00bb4.27.4&#8243; _module_preset=\u00bb1f09816e-184e-4ce5-a4cf-b39c52c423ca\u00bb text_font=\u00bb|300|||||||\u00bb text_font_size=\u00bb1rem\u00bb global_colors_info=\u00bb{}\u00bb]<\/p>\n<p><span style=\"font-weight: 400;\">La viol\u00e8ncia de g\u00e8nere continua sent una de les principals barreres per al benestar i el desenvolupament de moltes dones i nenes.<\/span><\/p>\n<p><span style=\"font-weight: 400;\"> Volem oferir:<\/span><span style=\"font-weight: 400;\"><br \/><\/span><span style=\"font-weight: 400;\">\u2714\ufe0f <\/span><b>Espais segurs<\/b><span style=\"font-weight: 400;\"> on puguin parlar i ser escoltades.<\/span><span style=\"font-weight: 400;\"><br \/><\/span><span style=\"font-weight: 400;\">\u2714\ufe0f <\/span><b>Formacions i recursos<\/b><span style=\"font-weight: 400;\"> per identificar i prevenir la viol\u00e8ncia.<\/span><span style=\"font-weight: 400;\"><br \/><\/span><span style=\"font-weight: 400;\">\u2714\ufe0f <\/span><b>Suport i orientaci\u00f3<\/b><span style=\"font-weight: 400;\"> per a aquelles que ho necessitin.<\/span><\/p>\n<p style=\"text-align: justify;\"><span style=\"font-weight: 400;\">El nostre objectiu \u00e9s <\/span><b>empoderar-les amb informaci\u00f3 i eines per defensar els seus drets<\/b><span style=\"font-weight: 400;\"> i construir comunitats m\u00e9s segures.<\/span><\/p>\n<p><span style=\"font-size: 17px;\">.<\/span><\/p>\n<p>[\/et_pb_text][\/et_pb_column][et_pb_column type=\u00bb1_2&#8243; _builder_version=\u00bb4.17.4&#8243; _module_preset=\u00bbdefault\u00bb global_colors_info=\u00bb{}\u00bb][et_pb_image src=\u00bbhttp:\/\/rgproject.org\/wp-content\/uploads\/2025\/01\/violencia-de-genero.png\u00bb title_text=\u00bbviolencia de genero\u00bb _builder_version=\u00bb4.27.4&#8243; _module_preset=\u00bbdefault\u00bb box_shadow_style=\u00bbpreset4&#8243; box_shadow_horizontal=\u00bb-10px\u00bb box_shadow_color=\u00bb#C88BDA\u00bb global_colors_info=\u00bb{}\u00bb][\/et_pb_image][\/et_pb_column][\/et_pb_row][\/et_pb_section][et_pb_section fb_built=\u00bb1&#8243; _builder_version=\u00bb4.27.4&#8243; _module_preset=\u00bbdefault\u00bb global_colors_info=\u00bb{}\u00bb][et_pb_row _builder_version=\u00bb4.27.4&#8243; _module_preset=\u00bbdefault\u00bb custom_margin=\u00bb-41px|auto||auto||\u00bb global_colors_info=\u00bb{}\u00bb][et_pb_column type=\u00bb4_4&#8243; _builder_version=\u00bb4.27.4&#8243; _module_preset=\u00bbdefault\u00bb global_colors_info=\u00bb{}\u00bb][et_pb_text _builder_version=\u00bb4.27.4&#8243; _module_preset=\u00bbdefault\u00bb global_colors_info=\u00bb{}\u00bb]<\/p>\n<h3><b>Fes-ho possible!<\/b><\/h3>\n<h5><b><br \/><\/b><span style=\"font-weight: 400;\">Aquests programes nom\u00e9s seran una realitat amb el suport de persones com tu. <\/span><b>Cada aportaci\u00f3 ens acosta un pas m\u00e9s a transformar vides.<\/b><span style=\"font-weight: 400;\"> \ud83c\udf31\ud83d\udc9c<\/span><\/h5>\n<p><span style=\"font-weight: 400;\"><\/span><\/p>\n<p><span style=\"font-weight: 400;\"><\/span><\/p>\n<h4><b>Uneix-te, col\u00b7labora i ajuda&#039;ns a continuar creixent!<\/b><span style=\"font-weight: 400;\"> \ud83e\udd1d\u2728<\/span><\/h4>\n<p>[\/et_pb_text][\/et_pb_column][\/et_pb_row][\/et_pb_section]<\/p>","protected":false},"excerpt":{"rendered":"<p>Projectes Solidaris per a Uganda<\/p>","protected":false},"author":1,"featured_media":0,"parent":0,"menu_order":0,"comment_status":"closed","ping_status":"closed","template":"","meta":{"_et_pb_use_builder":"on","_et_pb_old_content":"","_et_gb_content_width":"","footnotes":""},"class_list":["post-610","page","type-page","status-publish","hentry"],"_links":{"self":[{"href":"https:\/\/rgproject.org\/ca\/wp-json\/wp\/v2\/pages\/610","targetHints":{"allow":["GET"]}}],"collection":[{"href":"https:\/\/rgproject.org\/ca\/wp-json\/wp\/v2\/pages"}],"about":[{"href":"https:\/\/rgproject.org\/ca\/wp-json\/wp\/v2\/types\/page"}],"author":[{"embeddable":true,"href":"https:\/\/rgproject.org\/ca\/wp-json\/wp\/v2\/users\/1"}],"replies":[{"embeddable":true,"href":"https:\/\/rgproject.org\/ca\/wp-json\/wp\/v2\/comments?post=610"}],"version-history":[{"count":15,"href":"https:\/\/rgproject.org\/ca\/wp-json\/wp\/v2\/pages\/610\/revisions"}],"predecessor-version":[{"id":2700,"href":"https:\/\/rgproject.org\/ca\/wp-json\/wp\/v2\/pages\/610\/revisions\/2700"}],"wp:attachment":[{"href":"https:\/\/rgproject.org\/ca\/wp-json\/wp\/v2\/media?parent=610"}],"curies":[{"name":"wp","href":"https:\/\/api.w.org\/{rel}","templated":true}]}}